{"id":13,"date":"2023-10-26T14:40:23","date_gmt":"2023-10-26T19:40:23","guid":{"rendered":"https:\/\/industrial.utp.edu.co\/especializacion-seguridad-y-salud-en-el-trabajo\/?page_id=13"},"modified":"2026-04-29T15:44:10","modified_gmt":"2026-04-29T20:44:10","slug":"inscripciones","status":"publish","type":"page","link":"https:\/\/industrial.utp.edu.co\/especializacion-seguridad-y-salud-en-el-trabajo\/inscripciones\/","title":{"rendered":"Inscripciones"},"content":{"rendered":"\n<h2 class=\"wp-block-heading\">\u00a1Bienvenido\/a!<\/h2>\n\n\n\n<p><span class=\"post-content__span\"> <strong>\u00a1Ya casi inician las inscripciones!<\/strong><\/p>\n\n\n\n<p><span class=\"post-content__span\"> El programa de <strong><em>Especializaci\u00f3n en Seguridad y Salud en el Trabajo<\/em><\/strong>, tiene como misi\u00f3n principal proporcionar conocimientos te\u00f3ricos-pr\u00e1cticos y competencias para que el egresado pueda gestionar en todo tipo de organizaci\u00f3n, sobre los aspectos relacionados con el trabajo y la productividad empresarial, generando acciones que adem\u00e1s, de dar cumplimiento con las exigencias legales, garanticen la salud del colectivo laboral y comunitario, controlar el impacto negativo al medio ambiente y proteger el patrimonio empresarial, regional y nacional.<\/p>\n\n\n\n<p><span class=\"post-content__span\"> Te guiaremos a trav\u00e9s del proceso de inscripci\u00f3n, que marca el primer paso en tu preparaci\u00f3n para abordar los desaf\u00edos en el mundo laboral.<\/p>\n\n\n\n<figure class=\"wp-block-image size-full\"><img loading=\"lazy\" decoding=\"async\" width=\"1080\" height=\"1350\" src=\"https:\/\/media2.utp.edu.co\/programas\/117\/Piezas-posgrados-calidad.png\" alt=\"\" class=\"wp-image-272\" \/><\/figure>\n\n\n\n<p><span class=\"post-content__span\"> <em><strong>El proceso de inscripci\u00f3n se puede realiza de manera virtual a trav\u00e9s de enlace <\/strong><\/em><a href=\"https:\/\/app4.utp.edu.co\/gtisi\/enrollments\/stepper-enrollment\"><strong>https:\/\/app4.utp.edu.co\/gtisi\/enrollments\/stepper-enrollment<\/strong><\/a><\/p>\n\n\n\n<h2 class=\"wp-block-heading\">Cuadernillo<\/h2>\n\n\n\n<p><span class=\"post-content__span\"> Conoce m\u00e1s sobre la La Especializaci\u00f3n en Seguridad y Salud en el Trabajo con el Cuadernillo de presentaci\u00f3n. Aqu\u00ed encontrar\u00e1s: el plan de estudios, misi\u00f3n, visi\u00f3n, cr\u00e9ditos, informaci\u00f3n de contacto y dem\u00e1s datos importantes sobre nosotros.<\/p>\n\n\n\n<div data-wp-interactive=\"core\/file\" class=\"wp-block-file\"><object data-wp-bind--hidden=\"!state.hasPdfPreview\" hidden class=\"wp-block-file__embed\" data=\"https:\/\/media2.utp.edu.co\/programas\/117\/Cuadernillo-sst.pdf\" type=\"application\/pdf\" style=\"width:100%;height:600px\" aria-label=\"Incrustado de Cuadernillo-sst.\"><\/object><a id=\"wp-block-file--media-521fe76b-e72a-49ba-a8a3-88a19818a9c2\" href=\"https:\/\/media2.utp.edu.co\/programas\/117\/Cuadernillo-sst.pdf\">Cuadernillo-sst<\/a><a href=\"https:\/\/media2.utp.edu.co\/programas\/117\/Cuadernillo-sst.pdf\" class=\"wp-block-file__button wp-element-button\" download aria-describedby=\"wp-block-file--media-521fe76b-e72a-49ba-a8a3-88a19818a9c2\">Descarga<\/a><\/div>\n\n\n\n<h2 class=\"wp-block-heading\">Calendario de Inscripciones<\/h2>\n\n\n\n<p><span class=\"post-content__span\"> \u00a1Recuerda estas fechas importantes para que no te pierdas de ser parte de nuestra facultad!<\/p>\n\n\n\n<figure class=\"wp-block-table\"><table><thead><tr><th>ACTIVIDAD<\/th><th class=\"has-text-align-center\" data-align=\"center\">FECHA INICIAL<\/th><th class=\"has-text-align-center\" data-align=\"center\">FECHA FINAL<\/th><\/tr><\/thead><tbody><tr><td>Inscripciones<\/td><td class=\"has-text-align-center\" data-align=\"center\">23\/04\/2025<\/td><td class=\"has-text-align-center\" data-align=\"center\">31\/07\/2025<\/td><\/tr><tr><td>Ingreso de documentos<\/td><td class=\"has-text-align-center\" data-align=\"center\">08\/04\/2025<\/td><td class=\"has-text-align-center\" data-align=\"center\">31\/07\/2025<\/td><\/tr><tr><td>Admisi\u00f3n<\/td><td class=\"has-text-align-center\" data-align=\"center\">16\/06\/2025<\/td><td class=\"has-text-align-center\" data-align=\"center\">31\/07\/2025<\/td><\/tr><tr><td>Matricula financiera<\/td><td class=\"has-text-align-center\" data-align=\"center\">16\/06\/2025<\/td><td class=\"has-text-align-center\" data-align=\"center\">15\/08\/2025<\/td><\/tr><tr><td>Matr\u00edcula acad\u00e9mica<\/td><td class=\"has-text-align-center\" data-align=\"center\">15\/07\/2025<\/td><td class=\"has-text-align-center\" data-align=\"center\">30\/08\/2025<\/td><\/tr><tr><td>Inicio de clases<\/td><td class=\"has-text-align-center\" data-align=\"center\">15\/08\/2025<\/td><td class=\"has-text-align-center\" data-align=\"center\">15\/08\/2025<\/td><\/tr><tr><td>\u00daltimo d\u00eda de clases<\/td><td class=\"has-text-align-center\" data-align=\"center\">13\/12\/2025<\/td><td class=\"has-text-align-center\" data-align=\"center\">13\/12\/2025<\/td><\/tr><tr><td>Digitaci\u00f3n de notas<\/td><td class=\"has-text-align-center\" data-align=\"center\">15\/08\/2025<\/td><td class=\"has-text-align-center\" data-align=\"center\">18\/12\/2025<\/td><\/tr><tr><td>Promedio por parte de admisiones<\/td><td class=\"has-text-align-center\" data-align=\"center\">19\/12\/2025<\/td><td class=\"has-text-align-center\" data-align=\"center\">19\/12\/2025<\/td><\/tr><\/tbody><\/table><\/figure>\n\n\n\n<div class=\"wp-block-buttons is-layout-flex wp-block-buttons-is-layout-flex\">\n<div class=\"wp-block-button has-custom-width wp-block-button__width-50\"><a class=\"wp-block-button__link has-small-font-size has-custom-font-size wp-element-button\" href=\"https:\/\/media2.utp.edu.co\/archivos\/Preguntas%20Frecuentes%20Posgrado%202021.pdf\" style=\"border-radius:100px\">Preguntas frecuentes sobre el proceso de inscripci\u00f3n<\/a><\/div>\n\n\n\n<div class=\"wp-block-button has-custom-width wp-block-button__width-50\"><a class=\"wp-block-button__link has-small-font-size has-custom-font-size wp-element-button\" href=\"https:\/\/app4.utp.edu.co\/gtisi\/enrollments\/stepper-enrollment\" style=\"border-radius:100px\">\u00a1Inscr\u00edbete!<\/a><\/div>\n<\/div>\n\n\n\n<p><span class=\"post-content__span\"> <\/p>\n","protected":false},"excerpt":{"rendered":"<p>\u00a1Bienvenido\/a! \u00a1Ya casi inician las inscripciones! El programa de Especializaci\u00f3n en Seguridad y Salud en el Trabajo, tiene como misi\u00f3n principal proporcionar conocimientos te\u00f3ricos-pr\u00e1cticos y competencias para que el egresado [&#8230;]<\/p>\n","protected":false},"author":105,"featured_media":0,"parent":0,"menu_order":0,"comment_status":"closed","ping_status":"closed","template":"","meta":{"footnotes":""},"class_list":["post-13","page","type-page","status-publish","hentry"],"_links":{"self":[{"href":"https:\/\/industrial.utp.edu.co\/especializacion-seguridad-y-salud-en-el-trabajo\/wp-json\/wp\/v2\/pages\/13","targetHints":{"allow":["GET"]}}],"collection":[{"href":"https:\/\/industrial.utp.edu.co\/especializacion-seguridad-y-salud-en-el-trabajo\/wp-json\/wp\/v2\/pages"}],"about":[{"href":"https:\/\/industrial.utp.edu.co\/especializacion-seguridad-y-salud-en-el-trabajo\/wp-json\/wp\/v2\/types\/page"}],"author":[{"embeddable":true,"href":"https:\/\/industrial.utp.edu.co\/especializacion-seguridad-y-salud-en-el-trabajo\/wp-json\/wp\/v2\/users\/105"}],"replies":[{"embeddable":true,"href":"https:\/\/industrial.utp.edu.co\/especializacion-seguridad-y-salud-en-el-trabajo\/wp-json\/wp\/v2\/comments?post=13"}],"version-history":[{"count":26,"href":"https:\/\/industrial.utp.edu.co\/especializacion-seguridad-y-salud-en-el-trabajo\/wp-json\/wp\/v2\/pages\/13\/revisions"}],"predecessor-version":[{"id":273,"href":"https:\/\/industrial.utp.edu.co\/especializacion-seguridad-y-salud-en-el-trabajo\/wp-json\/wp\/v2\/pages\/13\/revisions\/273"}],"wp:attachment":[{"href":"https:\/\/industrial.utp.edu.co\/especializacion-seguridad-y-salud-en-el-trabajo\/wp-json\/wp\/v2\/media?parent=13"}],"curies":[{"name":"wp","href":"https:\/\/api.w.org\/{rel}","templated":true}]}}