{"id":10032,"date":"2022-08-10T09:44:29","date_gmt":"2022-08-10T14:44:29","guid":{"rendered":"https:\/\/basicas.utp.edu.co\/matematicas\/?page_id=10032"},"modified":"2026-04-22T17:11:37","modified_gmt":"2026-04-22T22:11:37","slug":"inscripciones","status":"publish","type":"page","link":"https:\/\/industrial.utp.edu.co\/especializacion-gestion-calidad\/inscripciones\/","title":{"rendered":"Inscripciones"},"content":{"rendered":"\n<p class=\"has-medium-font-size\"><strong>\u00a1Bienvenida\/o!<\/strong><\/p>\n\n\n\n<p class=\"has-medium-font-size\"><strong>Inscripciones abiertas<\/strong> hasta el <strong>19 de Marzo del 2026<\/strong>. No te pierdas la oportunidad de ser parte de nuestra comunidad UTP<\/p>\n\n\n\n<p><span class=\"post-content__span\"> Somos un programa que promueve procesos de profundizaci\u00f3n e investigaci\u00f3n en los campos t\u00e9cnicos, normativos, investigativos y de gesti\u00f3n de la calidad. Formando profesionales capaces de liderar procesos de dise\u00f1o, implementaci\u00f3n y control en sistemas integrados en gesti\u00f3n de calidad, ambientales y de seguridad y salud en el trabajo, con el prop\u00f3sito de lograr la estandarizaci\u00f3n, aseguramiento y mejoramiento de las organizaciones. <\/p>\n\n\n\n<p><span class=\"post-content__span\"> Te guiaremos a trav\u00e9s del proceso de inscripci\u00f3n, que marca el primer paso en tu preparaci\u00f3n para abordar los desaf\u00edos en el mundo laboral. <\/p>\n\n\n\n<figure class=\"wp-block-image size-full\"><img loading=\"lazy\" decoding=\"async\" width=\"1080\" height=\"1350\" src=\"https:\/\/media2.utp.edu.co\/programas\/102\/41.png\" alt=\"\" class=\"wp-image-10502\" \/><\/figure>\n\n\n\n<p class=\"has-text-align-center\"><span class=\"post-content__span\"> <em><strong>El proceso de inscripci\u00f3n se puede realiza de manera virtual a trav\u00e9s de enlace <\/strong><\/em><a href=\"https:\/\/app4.utp.edu.co\/gtisi\/enrollments\/stepper-enrollment\"><strong>https:\/\/app4.utp.edu.co\/gtisi\/enrollments\/stepper-enrollment<\/strong><\/a><\/p>\n\n\n\n<h2 class=\"wp-block-heading\">Cuadernillo <\/h2>\n\n\n\n<p><span class=\"post-content__span\"> Conoce m\u00e1s sobre la Especializaci\u00f3n en Gesti\u00f3n de la Calidad y Normalizaci\u00f3n T\u00e9cnica con el Cuadernillo de presentaci\u00f3n, aqu\u00ed encontrar\u00e1s; el plan de estudios, misi\u00f3n, visi\u00f3n, cr\u00e9ditos, informaci\u00f3n de contacto y dem\u00e1s datos importantes sobre nosotros.<\/p>\n\n\n\n<div data-wp-interactive=\"core\/file\" class=\"wp-block-file\"><object data-wp-bind--hidden=\"!state.hasPdfPreview\" hidden class=\"wp-block-file__embed\" data=\"https:\/\/media2.utp.edu.co\/programas\/102\/CUADERNILLO-EGCNT-2023.pdf\" type=\"application\/pdf\" style=\"width:100%;height:600px\" aria-label=\"Incrustado de CUADERNILLO-EGCNT-2023.\"><\/object><a id=\"wp-block-file--media-552ecd09-fd7d-4a34-abe6-e6cc25910c76\" href=\"https:\/\/media2.utp.edu.co\/programas\/102\/CUADERNILLO-EGCNT-2023.pdf\">CUADERNILLO-EGCNT-2023<\/a><a href=\"https:\/\/media2.utp.edu.co\/programas\/102\/CUADERNILLO-EGCNT-2023.pdf\" class=\"wp-block-file__button wp-element-button\" download aria-describedby=\"wp-block-file--media-552ecd09-fd7d-4a34-abe6-e6cc25910c76\">Descarga<\/a><\/div>\n\n\n\n<h2 class=\"wp-block-heading\">Calendario de inscripciones <\/h2>\n\n\n\n<p class=\"has-medium-font-size\">\u00a1Recuerda estas fechas importantes para que no te pierdas de ser parte de nuestra facultad!<\/p>\n\n\n\n<figure class=\"wp-block-table\"><table><thead><tr><th>ACTIVIDAD<\/th><th class=\"has-text-align-center\" data-align=\"center\">FECHA INICIAL<\/th><th class=\"has-text-align-center\" data-align=\"center\">FECHA FINAL<\/th><\/tr><\/thead><tbody><tr><td>Inscripciones<\/td><td class=\"has-text-align-center\" data-align=\"center\">02\/02\/2026<\/td><td class=\"has-text-align-center\" data-align=\"center\">19\/03\/2026<\/td><\/tr><tr><td>Ingreso de documentos<\/td><td class=\"has-text-align-center\" data-align=\"center\">02\/02\/2026<\/td><td class=\"has-text-align-center\" data-align=\"center\">23\/04\/2026<\/td><\/tr><tr><td>Admisi\u00f3n<\/td><td class=\"has-text-align-center\" data-align=\"center\">20\/03\/2026<\/td><td class=\"has-text-align-center\" data-align=\"center\">26\/03\/2026<\/td><\/tr><tr><td>Matricula financiera<\/td><td class=\"has-text-align-center\" data-align=\"center\">25\/03\/2026<\/td><td class=\"has-text-align-center\" data-align=\"center\">22\/04\/2026<\/td><\/tr><tr><td>Matr\u00edcula acad\u00e9mica<\/td><td class=\"has-text-align-center\" data-align=\"center\">22\/04\/2026<\/td><td class=\"has-text-align-center\" data-align=\"center\">22\/05\/2026<\/td><\/tr><tr><td>Inicio de clases<\/td><td class=\"has-text-align-center\" data-align=\"center\">08\/05\/2026<\/td><td class=\"has-text-align-center\" data-align=\"center\">08\/05\/2026<\/td><\/tr><tr><td>\u00daltimo d\u00eda de clases<\/td><td class=\"has-text-align-center\" data-align=\"center\">29\/08\/2026<\/td><td class=\"has-text-align-center\" data-align=\"center\">29\/08\/2026<\/td><\/tr><tr><td>Digitaci\u00f3n de notas<\/td><td class=\"has-text-align-center\" data-align=\"center\">08\/05\/2026<\/td><td class=\"has-text-align-center\" data-align=\"center\">03\/09\/2026<\/td><\/tr><tr><td>Promedio por parte de admisiones<\/td><td class=\"has-text-align-center\" data-align=\"center\">04\/09\/2026<\/td><td class=\"has-text-align-center\" data-align=\"center\">04\/09\/2026<\/td><\/tr><\/tbody><\/table><\/figure>\n\n\n\n<div class=\"wp-block-buttons is-layout-flex wp-block-buttons-is-layout-flex\">\n<div class=\"wp-block-button has-custom-width wp-block-button__width-50\"><a class=\"wp-block-button__link has-small-font-size has-custom-font-size wp-element-button\" href=\"https:\/\/media2.utp.edu.co\/archivos\/Preguntas%20Frecuentes%20Posgrado%202021.pdf\" style=\"border-radius:100px\">Preguntas frecuentes sobre el proceso de inscripci\u00f3n<\/a><\/div>\n\n\n\n<div class=\"wp-block-button has-custom-width wp-block-button__width-50\"><a class=\"wp-block-button__link has-small-font-size has-custom-font-size wp-element-button\" href=\"https:\/\/app4.utp.edu.co\/gtisi\/enrollments\/stepper-enrollment\" style=\"border-radius:100px\">\u00a1Inscr\u00edbete!<\/a><\/div>\n<\/div>\n\n\n\n<p><span class=\"post-content__span\"> <\/p>\n","protected":false},"excerpt":{"rendered":"<p>\u00a1Bienvenida\/o! Inscripciones abiertas hasta el 19 de Marzo del 2026. No te pierdas la oportunidad de ser parte de nuestra comunidad UTP Somos un programa que promueve procesos de profundizaci\u00f3n [&#8230;]<\/p>\n","protected":false},"author":105,"featured_media":10295,"parent":0,"menu_order":0,"comment_status":"closed","ping_status":"closed","template":"","meta":{"footnotes":""},"class_list":["post-10032","page","type-page","status-publish","has-post-thumbnail","hentry"],"_links":{"self":[{"href":"https:\/\/industrial.utp.edu.co\/especializacion-gestion-calidad\/wp-json\/wp\/v2\/pages\/10032","targetHints":{"allow":["GET"]}}],"collection":[{"href":"https:\/\/industrial.utp.edu.co\/especializacion-gestion-calidad\/wp-json\/wp\/v2\/pages"}],"about":[{"href":"https:\/\/industrial.utp.edu.co\/especializacion-gestion-calidad\/wp-json\/wp\/v2\/types\/page"}],"author":[{"embeddable":true,"href":"https:\/\/industrial.utp.edu.co\/especializacion-gestion-calidad\/wp-json\/wp\/v2\/users\/105"}],"replies":[{"embeddable":true,"href":"https:\/\/industrial.utp.edu.co\/especializacion-gestion-calidad\/wp-json\/wp\/v2\/comments?post=10032"}],"version-history":[{"count":49,"href":"https:\/\/industrial.utp.edu.co\/especializacion-gestion-calidad\/wp-json\/wp\/v2\/pages\/10032\/revisions"}],"predecessor-version":[{"id":10503,"href":"https:\/\/industrial.utp.edu.co\/especializacion-gestion-calidad\/wp-json\/wp\/v2\/pages\/10032\/revisions\/10503"}],"wp:featuredmedia":[{"embeddable":true,"href":"https:\/\/industrial.utp.edu.co\/especializacion-gestion-calidad\/wp-json\/wp\/v2\/media\/10295"}],"wp:attachment":[{"href":"https:\/\/industrial.utp.edu.co\/especializacion-gestion-calidad\/wp-json\/wp\/v2\/media?parent=10032"}],"curies":[{"name":"wp","href":"https:\/\/api.w.org\/{rel}","templated":true}]}}