{"id":10027,"date":"2022-08-10T09:43:42","date_gmt":"2022-08-10T14:43:42","guid":{"rendered":"https:\/\/basicas.utp.edu.co\/matematicas\/?page_id=10027"},"modified":"2026-04-10T20:11:14","modified_gmt":"2026-04-11T01:11:14","slug":"plan-de-estudios","status":"publish","type":"page","link":"https:\/\/industrial.utp.edu.co\/especializacion-gerencia-de-proyectos\/plan-de-estudios\/","title":{"rendered":"Plan de Estudios"},"content":{"rendered":"\n<figure class=\"wp-block-table\"><table><thead><tr><td class=\"has-text-align-center\" data-align=\"center\" colspan=\"4\"><strong><mark class=\"has-inline-color has-vivid-cyan-blue-color\">ESPECIALIZACI\u00d3N EN GERENCIA DE PROYECTOS<\/mark><\/strong><\/td><\/tr><tr><td class=\"has-text-align-center\" data-align=\"center\" colspan=\"4\"><strong>PLAN DE ESTUDIOS<\/strong><\/td><\/tr><tr><td class=\"has-text-align-center\" data-align=\"center\"><strong><mark style=\"background-color:#8ed1fc\" class=\"has-inline-color\">SEMESTRE<\/mark><\/strong><\/td><td><strong><mark style=\"background-color:#8ed1fc\" class=\"has-inline-color\">C\u00d3DIGO<\/mark><\/strong><\/td><td class=\"has-text-align-center\" data-align=\"center\"><strong><mark style=\"background-color:#8ed1fc\" class=\"has-inline-color\">ASIGNATURA<\/mark><\/strong><\/td><td class=\"has-text-align-center\" data-align=\"center\"><strong><mark style=\"background-color:#8ed1fc\" class=\"has-inline-color\">CR\u00c9DITOS ACAD\u00c9MICOS<\/mark><\/strong><\/td><\/tr><\/thead><tbody><tr><td class=\"has-text-align-center\" data-align=\"center\" rowspan=\"7\"><strong>Primer semestre<\/strong><\/td><td>GP112<\/td><td class=\"has-text-align-center\" data-align=\"center\">Introducci\u00f3n a la Gerencia de Proyectos<\/td><td class=\"has-text-align-center\" data-align=\"center\">2<\/td><\/tr><tr><td class=\"has-text-align-center\" data-align=\"center\">GP122<\/td><td>Gerencia Estrat\u00e9gica y del Recurso Humano<\/td><td class=\"has-text-align-center\" data-align=\"center\">2<\/td><\/tr><tr><td class=\"has-text-align-center\" data-align=\"center\">GP131<\/td><td>Estudio de Mercados para Proyectos<\/td><td class=\"has-text-align-center\" data-align=\"center\">1<\/td><\/tr><tr><td class=\"has-text-align-center\" data-align=\"center\">GP172<\/td><td>Seminario de Investigaci\u00f3n <\/td><td class=\"has-text-align-center\" data-align=\"center\">2<\/td><\/tr><tr><td class=\"has-text-align-center\" data-align=\"center\">GP152<\/td><td>Planificaci\u00f3n y gesti\u00f3n del tiempo de proyectos<\/td><td class=\"has-text-align-center\" data-align=\"center\">2<\/td><\/tr><tr><td class=\"has-text-align-center\" data-align=\"center\"><\/td><td><\/td><td class=\"has-text-align-center\" data-align=\"center\"><\/td><\/tr><tr><td class=\"has-text-align-center\" data-align=\"center\" colspan=\"2\"><strong>TOTAL, CR\u00c9DITOS ACAD\u00c9MICOS<\/strong><\/td><td><strong>1<\/strong>0<\/td><\/tr><tr><td class=\"has-text-align-center\" data-align=\"center\" rowspan=\"7\"><strong>Segundo semestre<\/strong><\/td><td>GP232<\/td><td class=\"has-text-align-center\" data-align=\"center\">Evaluaci\u00f3n financiera de proyectos<\/td><td class=\"has-text-align-center\" data-align=\"center\">2<\/td><\/tr><tr><td class=\"has-text-align-center\" data-align=\"center\">GP212<\/td><td>Gesti\u00f3n de la calidad en proyectos<\/td><td class=\"has-text-align-center\" data-align=\"center\">2<\/td><\/tr><tr><td class=\"has-text-align-center\" data-align=\"center\">GP252<\/td><td>Preparaci\u00f3n y formulaci\u00f3n de proyectos<\/td><td class=\"has-text-align-center\" data-align=\"center\">2<\/td><\/tr><tr><td class=\"has-text-align-center\" data-align=\"center\">GP262<\/td><td>Preparaci\u00f3n para certificaci\u00f3n PMP<\/td><td class=\"has-text-align-center\" data-align=\"center\">2<\/td><\/tr><tr><td class=\"has-text-align-center\" data-align=\"center\">GP221<\/td><td>Electiva I<\/td><td class=\"has-text-align-center\" data-align=\"center\">2<\/td><\/tr><tr><td class=\"has-text-align-center\" data-align=\"center\">GP274&nbsp;<\/td><td>Trabajo de grado<\/td><td class=\"has-text-align-center\" data-align=\"center\">4<\/td><\/tr><tr><td class=\"has-text-align-center\" data-align=\"center\" colspan=\"2\"><strong>TOTAL, CR\u00c9DITOS ACAD\u00c9MICOS<\/strong><\/td><td><strong>14<\/strong><\/td><\/tr><tr><td class=\"has-text-align-center\" data-align=\"center\" colspan=\"3\"><strong>TOTAL, CR\u00c9DITOS ACAD\u00c9MICOS PROGRAMA<\/strong><\/td><td><strong>25<\/strong><\/td><\/tr><\/tbody><\/table><\/figure>\n","protected":false},"excerpt":{"rendered":"<p>ESPECIALIZACI\u00d3N EN GERENCIA DE PROYECTOS PLAN DE ESTUDIOS SEMESTRE C\u00d3DIGO ASIGNATURA CR\u00c9DITOS ACAD\u00c9MICOS Primer semestre GP112 Introducci\u00f3n a la Gerencia de Proyectos 2 GP122 Gerencia Estrat\u00e9gica y del Recurso Humano [&#8230;]<\/p>\n","protected":false},"author":1,"featured_media":0,"parent":0,"menu_order":0,"comment_status":"closed","ping_status":"closed","template":"page-planEstudio.php","meta":{"footnotes":""},"class_list":["post-10027","page","type-page","status-publish","hentry"],"_links":{"self":[{"href":"https:\/\/industrial.utp.edu.co\/especializacion-gerencia-de-proyectos\/wp-json\/wp\/v2\/pages\/10027","targetHints":{"allow":["GET"]}}],"collection":[{"href":"https:\/\/industrial.utp.edu.co\/especializacion-gerencia-de-proyectos\/wp-json\/wp\/v2\/pages"}],"about":[{"href":"https:\/\/industrial.utp.edu.co\/especializacion-gerencia-de-proyectos\/wp-json\/wp\/v2\/types\/page"}],"author":[{"embeddable":true,"href":"https:\/\/industrial.utp.edu.co\/especializacion-gerencia-de-proyectos\/wp-json\/wp\/v2\/users\/1"}],"replies":[{"embeddable":true,"href":"https:\/\/industrial.utp.edu.co\/especializacion-gerencia-de-proyectos\/wp-json\/wp\/v2\/comments?post=10027"}],"version-history":[{"count":8,"href":"https:\/\/industrial.utp.edu.co\/especializacion-gerencia-de-proyectos\/wp-json\/wp\/v2\/pages\/10027\/revisions"}],"predecessor-version":[{"id":10585,"href":"https:\/\/industrial.utp.edu.co\/especializacion-gerencia-de-proyectos\/wp-json\/wp\/v2\/pages\/10027\/revisions\/10585"}],"wp:attachment":[{"href":"https:\/\/industrial.utp.edu.co\/especializacion-gerencia-de-proyectos\/wp-json\/wp\/v2\/media?parent=10027"}],"curies":[{"name":"wp","href":"https:\/\/api.w.org\/{rel}","templated":true}]}}